{"id":2447,"date":"2026-01-02T22:58:34","date_gmt":"2026-01-02T21:58:34","guid":{"rendered":"https:\/\/astres-espace.fr\/?page_id=2447"},"modified":"2026-01-03T00:27:39","modified_gmt":"2026-01-02T23:27:39","slug":"actualites","status":"publish","type":"page","link":"https:\/\/astres-espace.fr\/index.php\/actualites\/","title":{"rendered":"Actualit\u00e9s"},"content":{"rendered":"\n<div class=\"wp-block-group is-layout-constrained wp-block-group-is-layout-constrained\">\n<div style=\"height:152px\" aria-hidden=\"true\" class=\"wp-block-spacer\"><\/div>\n\n\n\n<h2 class=\"wp-block-heading alignwide has-text-align-center\">Actualit\u00e9s &amp; publications<\/h2>\n\n\n\n<p>Retrouvez ici l&#8217;ensemble des publications ASTRES depuis sa cr\u00e9ation. Pour suivre nos derni\u00e8res actualit\u00e9s, rendez-vous sur nos r\u00e9seaux sociaux.<\/p>\n\n\n\n<div class=\"wp-block-group is-layout-constrained wp-block-group-is-layout-constrained\"><form role=\"search\" method=\"get\" action=\"https:\/\/astres-espace.fr\/\" class=\"wp-block-search__button-outside wp-block-search__text-button wp-block-search\"    ><label class=\"wp-block-search__label\" for=\"wp-block-search__input-1\" >Rechercher<\/label><div class=\"wp-block-search__inside-wrapper\" ><input class=\"wp-block-search__input\" id=\"wp-block-search__input-1\" placeholder=\"\" value=\"\" type=\"search\" name=\"s\" required \/><button aria-label=\"Rechercher\" class=\"wp-block-search__button wp-element-button\" type=\"submit\" >Rechercher<\/button><\/div><\/form><\/div>\n<\/div>\n\n\n\n<div class=\"wp-block-group is-layout-flow wp-block-group-is-layout-flow\">\n<div data-wp-context=\"{}\" data-wp-interactive=\"core\/query\" data-wp-key=\"4\" data-wp-router-region=\"query-4\" class=\"wp-block-query alignwide is-layout-flow wp-block-query-is-layout-flow\"><ul style=\"border-style:none;border-width:0px;\" class=\"columns-3 wp-block-post-template is-layout-grid wp-container-core-post-template-is-layout-5ea8a06c wp-block-post-template-is-layout-grid\"><li data-wp-key=\"post-template-item-2614\" class=\"wp-block-post post-2614 post type-post status-publish format-standard hentry category-analyses tag-gt-gouvernance\">\n\n<section class=\"wp-block-cover has-custom-content-position is-position-top-left\" style=\"border-width:1px;min-height:310px;aspect-ratio:unset;\"><span aria-hidden=\"true\" class=\"wp-block-cover__background has-ti-bg-inv-background-color has-background-dim-90 has-background-dim\"><\/span><div class=\"wp-block-cover__inner-container is-layout-flow wp-block-cover-is-layout-flow\"><h3 class=\"has-link-color wp-elements-5b89d8e2f1c3ee9f0edc63cf812d4b3a wp-block-post-title\"><a href=\"https:\/\/astres-espace.fr\/index.php\/qui-pilote-leurope-spatiale\/\" target=\"_self\" >Qui pilote l\u2019Europe spatiale ?\u00a0<\/a><\/h3>\n\n<div class=\"taxonomy-category wp-block-post-terms has-small-font-size\"><a href=\"https:\/\/astres-espace.fr\/index.php\/category\/analyses\/\" rel=\"tag\">Analyses<\/a><\/div>\n\n<div class=\"wp-block-post-date has-small-font-size\"><time datetime=\"2026-03-04T19:36:09+01:00\">4 Mar 2026<\/time><\/div><\/div><\/section>\n\n<\/li><li data-wp-key=\"post-template-item-2593\" class=\"wp-block-post post-2593 post type-post status-publish format-standard has-post-thumbnail hentry category-a-propos-de-lassociation category-evenements tag-gt-culture-spatiale tag-gt-developpement-durable tag-gt-energie-espace tag-gt-exploration-spatiale tag-gt-financement tag-gt-gouvernance tag-gt-international tag-gt-lanceurs-transport-spatial tag-gt-securite-defense\">\n\n<section class=\"wp-block-cover has-custom-content-position is-position-top-left\" style=\"border-width:1px;min-height:310px;aspect-ratio:unset;\"><span aria-hidden=\"true\" class=\"wp-block-cover__background has-ti-bg-inv-background-color has-background-dim-90 has-background-dim\"><\/span><img loading=\"lazy\" decoding=\"async\" width=\"800\" height=\"1000\" src=\"https:\/\/astres-espace.fr\/wp-content\/uploads\/2026\/01\/1758725709015.jpg\" class=\"wp-block-cover__image-background wp-post-image\" alt=\"\" data-object-fit=\"cover\" srcset=\"https:\/\/astres-espace.fr\/wp-content\/uploads\/2026\/01\/1758725709015.jpg 800w, https:\/\/astres-espace.fr\/wp-content\/uploads\/2026\/01\/1758725709015-240x300.jpg 240w, https:\/\/astres-espace.fr\/wp-content\/uploads\/2026\/01\/1758725709015-768x960.jpg 768w\" sizes=\"auto, (max-width: 800px) 100vw, 800px\" \/><div class=\"wp-block-cover__inner-container is-layout-flow wp-block-cover-is-layout-flow\"><h3 class=\"has-link-color wp-elements-5b89d8e2f1c3ee9f0edc63cf812d4b3a wp-block-post-title\"><a href=\"https:\/\/astres-espace.fr\/index.php\/les-conferences-de-rentree-2026-sur-youtube\/\" target=\"_self\" >Les Conf\u00e9rences de Rentr\u00e9e 2026 sur Youtube<\/a><\/h3>\n\n<div class=\"taxonomy-category wp-block-post-terms has-small-font-size\"><a href=\"https:\/\/astres-espace.fr\/index.php\/category\/a-propos-de-lassociation\/\" rel=\"tag\">A propos de l&#8217;association<\/a><span class=\"wp-block-post-terms__separator\"> , <\/span><a href=\"https:\/\/astres-espace.fr\/index.php\/category\/evenements\/\" rel=\"tag\">Evenements<\/a><\/div>\n\n<div class=\"wp-block-post-date has-small-font-size\"><time datetime=\"2026-01-01T21:47:00+01:00\">1 Jan 2026<\/time><\/div><\/div><\/section>\n\n<\/li><li data-wp-key=\"post-template-item-2573\" class=\"wp-block-post post-2573 post type-post status-publish format-standard has-post-thumbnail hentry category-a-propos-de-lassociation\">\n\n<section class=\"wp-block-cover has-custom-content-position is-position-top-left\" style=\"border-width:1px;min-height:310px;aspect-ratio:unset;\"><span aria-hidden=\"true\" class=\"wp-block-cover__background has-ti-bg-inv-background-color has-background-dim-90 has-background-dim\"><\/span><img loading=\"lazy\" decoding=\"async\" width=\"1920\" height=\"1080\" src=\"https:\/\/astres-espace.fr\/wp-content\/uploads\/2025\/09\/Recap-du-mois-Presentation.jpg\" class=\"wp-block-cover__image-background wp-post-image\" alt=\"\" data-object-fit=\"cover\" srcset=\"https:\/\/astres-espace.fr\/wp-content\/uploads\/2025\/09\/Recap-du-mois-Presentation.jpg 1920w, https:\/\/astres-espace.fr\/wp-content\/uploads\/2025\/09\/Recap-du-mois-Presentation-300x169.jpg 300w, https:\/\/astres-espace.fr\/wp-content\/uploads\/2025\/09\/Recap-du-mois-Presentation-1024x576.jpg 1024w, https:\/\/astres-espace.fr\/wp-content\/uploads\/2025\/09\/Recap-du-mois-Presentation-768x432.jpg 768w, https:\/\/astres-espace.fr\/wp-content\/uploads\/2025\/09\/Recap-du-mois-Presentation-1536x864.jpg 1536w\" sizes=\"auto, (max-width: 1920px) 100vw, 1920px\" \/><div class=\"wp-block-cover__inner-container is-layout-flow wp-block-cover-is-layout-flow\"><h3 class=\"has-link-color wp-elements-5b89d8e2f1c3ee9f0edc63cf812d4b3a wp-block-post-title\"><a href=\"https:\/\/astres-espace.fr\/index.php\/news-decembre-2025\/\" target=\"_self\" >#NEWS &#8211; D\u00e9cembre 2025<\/a><\/h3>\n\n<div class=\"taxonomy-category wp-block-post-terms has-small-font-size\"><a href=\"https:\/\/astres-espace.fr\/index.php\/category\/a-propos-de-lassociation\/\" rel=\"tag\">A propos de l&#8217;association<\/a><\/div>\n\n<div class=\"wp-block-post-date has-small-font-size\"><time datetime=\"2025-12-31T09:19:14+01:00\">31 D\u00e9c 2025<\/time><\/div><\/div><\/section>\n\n<\/li><li data-wp-key=\"post-template-item-2097\" class=\"wp-block-post post-2097 post type-post status-publish format-standard has-post-thumbnail hentry category-a-propos-de-lassociation\">\n\n<section class=\"wp-block-cover has-custom-content-position is-position-top-left\" style=\"border-width:1px;min-height:310px;aspect-ratio:unset;\"><span aria-hidden=\"true\" class=\"wp-block-cover__background has-ti-bg-inv-background-color has-background-dim-90 has-background-dim\"><\/span><img loading=\"lazy\" decoding=\"async\" width=\"1920\" height=\"1080\" src=\"https:\/\/astres-espace.fr\/wp-content\/uploads\/2025\/09\/Recap-du-mois-Presentation.jpg\" class=\"wp-block-cover__image-background wp-post-image\" alt=\"\" data-object-fit=\"cover\" srcset=\"https:\/\/astres-espace.fr\/wp-content\/uploads\/2025\/09\/Recap-du-mois-Presentation.jpg 1920w, https:\/\/astres-espace.fr\/wp-content\/uploads\/2025\/09\/Recap-du-mois-Presentation-300x169.jpg 300w, https:\/\/astres-espace.fr\/wp-content\/uploads\/2025\/09\/Recap-du-mois-Presentation-1024x576.jpg 1024w, https:\/\/astres-espace.fr\/wp-content\/uploads\/2025\/09\/Recap-du-mois-Presentation-768x432.jpg 768w, https:\/\/astres-espace.fr\/wp-content\/uploads\/2025\/09\/Recap-du-mois-Presentation-1536x864.jpg 1536w\" sizes=\"auto, (max-width: 1920px) 100vw, 1920px\" \/><div class=\"wp-block-cover__inner-container is-layout-flow wp-block-cover-is-layout-flow\"><h3 class=\"has-link-color wp-elements-5b89d8e2f1c3ee9f0edc63cf812d4b3a wp-block-post-title\"><a href=\"https:\/\/astres-espace.fr\/index.php\/news-septembre-2025\/\" target=\"_self\" >#NEWS &#8211; Septembre 2025<\/a><\/h3>\n\n<div class=\"taxonomy-category wp-block-post-terms has-small-font-size\"><a href=\"https:\/\/astres-espace.fr\/index.php\/category\/a-propos-de-lassociation\/\" rel=\"tag\">A propos de l&#8217;association<\/a><\/div>\n\n<div class=\"wp-block-post-date has-small-font-size\"><time datetime=\"2025-09-26T21:18:47+02:00\">26 Sep 2025<\/time><\/div><\/div><\/section>\n\n<\/li><li data-wp-key=\"post-template-item-1731\" class=\"wp-block-post post-1731 post type-post status-publish format-standard hentry category-analyses tag-gt-culture-spatiale tag-gt-energie-espace tag-gt-exploration-spatiale tag-gt-financement tag-gt-gouvernance tag-gt-international tag-gt-lanceurs-transport-spatial tag-gt-securite-defense\">\n\n<section class=\"wp-block-cover has-custom-content-position is-position-top-left\" style=\"border-width:1px;min-height:310px;aspect-ratio:unset;\"><span aria-hidden=\"true\" class=\"wp-block-cover__background has-ti-bg-inv-background-color has-background-dim-90 has-background-dim\"><\/span><div class=\"wp-block-cover__inner-container is-layout-flow wp-block-cover-is-layout-flow\"><h3 class=\"has-link-color wp-elements-5b89d8e2f1c3ee9f0edc63cf812d4b3a wp-block-post-title\"><a href=\"https:\/\/astres-espace.fr\/index.php\/rapport-nexus-alpha\/\" target=\"_self\" >Rapport Nexus Alpha<\/a><\/h3>\n\n<div class=\"taxonomy-category wp-block-post-terms has-small-font-size\"><a href=\"https:\/\/astres-espace.fr\/index.php\/category\/analyses\/\" rel=\"tag\">Analyses<\/a><\/div>\n\n<div class=\"wp-block-post-date has-small-font-size\"><time datetime=\"2025-06-14T11:47:52+02:00\">14 Juin 2025<\/time><\/div><\/div><\/section>\n\n<\/li><li data-wp-key=\"post-template-item-1706\" class=\"wp-block-post post-1706 post type-post status-publish format-standard has-post-thumbnail hentry category-evenements tag-gt-developpement-durable tag-gt-energie-espace tag-gt-exploration-spatiale tag-gt-financement tag-gt-gouvernance tag-gt-international tag-gt-lanceurs-transport-spatial tag-gt-securite-defense\">\n\n<section class=\"wp-block-cover has-custom-content-position is-position-top-left\" style=\"border-width:1px;min-height:310px;aspect-ratio:unset;\"><span aria-hidden=\"true\" class=\"wp-block-cover__background has-ti-bg-inv-background-color has-background-dim-90 has-background-dim\"><\/span><img loading=\"lazy\" decoding=\"async\" width=\"1024\" height=\"1280\" src=\"https:\/\/astres-espace.fr\/wp-content\/uploads\/2025\/06\/PAF2025.jpg\" class=\"wp-block-cover__image-background wp-post-image\" alt=\"\" data-object-fit=\"cover\" srcset=\"https:\/\/astres-espace.fr\/wp-content\/uploads\/2025\/06\/PAF2025.jpg 1024w, https:\/\/astres-espace.fr\/wp-content\/uploads\/2025\/06\/PAF2025-240x300.jpg 240w, https:\/\/astres-espace.fr\/wp-content\/uploads\/2025\/06\/PAF2025-819x1024.jpg 819w, https:\/\/astres-espace.fr\/wp-content\/uploads\/2025\/06\/PAF2025-768x960.jpg 768w\" sizes=\"auto, (max-width: 1024px) 100vw, 1024px\" \/><div class=\"wp-block-cover__inner-container is-layout-flow wp-block-cover-is-layout-flow\"><h3 class=\"has-link-color wp-elements-5b89d8e2f1c3ee9f0edc63cf812d4b3a wp-block-post-title\"><a href=\"https:\/\/astres-espace.fr\/index.php\/astres-au-paris-air-forum-2025-la-jeunesse-spatiale-prend-la-parole\/\" target=\"_self\" >ASTRES au Paris Air Forum 2025<\/a><\/h3>\n\n<div class=\"taxonomy-category wp-block-post-terms has-small-font-size\"><a href=\"https:\/\/astres-espace.fr\/index.php\/category\/evenements\/\" rel=\"tag\">Evenements<\/a><\/div>\n\n<div class=\"wp-block-post-date has-small-font-size\"><time datetime=\"2025-06-09T19:50:40+02:00\">9 Juin 2025<\/time><\/div><\/div><\/section>\n\n<\/li><li data-wp-key=\"post-template-item-1693\" class=\"wp-block-post post-1693 post type-post status-publish format-standard has-post-thumbnail hentry category-evenements\">\n\n<section class=\"wp-block-cover has-custom-content-position is-position-top-left\" style=\"border-width:1px;min-height:310px;aspect-ratio:unset;\"><span aria-hidden=\"true\" class=\"wp-block-cover__background has-ti-bg-inv-background-color has-background-dim-90 has-background-dim\"><\/span><img loading=\"lazy\" decoding=\"async\" width=\"2351\" height=\"895\" src=\"https:\/\/astres-espace.fr\/wp-content\/uploads\/2025\/05\/CiteEspace-horiz.png\" class=\"wp-block-cover__image-background wp-post-image\" alt=\"\" data-object-fit=\"cover\" srcset=\"https:\/\/astres-espace.fr\/wp-content\/uploads\/2025\/05\/CiteEspace-horiz.png 2351w, https:\/\/astres-espace.fr\/wp-content\/uploads\/2025\/05\/CiteEspace-horiz-300x114.png 300w, https:\/\/astres-espace.fr\/wp-content\/uploads\/2025\/05\/CiteEspace-horiz-1024x390.png 1024w, https:\/\/astres-espace.fr\/wp-content\/uploads\/2025\/05\/CiteEspace-horiz-768x292.png 768w, https:\/\/astres-espace.fr\/wp-content\/uploads\/2025\/05\/CiteEspace-horiz-1536x585.png 1536w, https:\/\/astres-espace.fr\/wp-content\/uploads\/2025\/05\/CiteEspace-horiz-2048x780.png 2048w\" sizes=\"auto, (max-width: 2351px) 100vw, 2351px\" \/><div class=\"wp-block-cover__inner-container is-layout-flow wp-block-cover-is-layout-flow\"><h3 class=\"has-link-color wp-elements-5b89d8e2f1c3ee9f0edc63cf812d4b3a wp-block-post-title\"><a href=\"https:\/\/astres-espace.fr\/index.php\/entretien-avec-lisa-wong-retour-sur-la-soiree-les-jeunes-et-le-spatial-a-la-cite-de-lespace\/\" target=\"_self\" >Entretien avec Lisa Wong \u2013 Retour sur la soir\u00e9e \u201cLes jeunes et le spatial\u201d \u00e0 la Cit\u00e9 de l\u2019Espace<\/a><\/h3>\n\n<div class=\"taxonomy-category wp-block-post-terms has-small-font-size\"><a href=\"https:\/\/astres-espace.fr\/index.php\/category\/evenements\/\" rel=\"tag\">Evenements<\/a><\/div>\n\n<div class=\"wp-block-post-date has-small-font-size\"><time datetime=\"2025-05-04T16:52:06+02:00\">4 Mai 2025<\/time><\/div><\/div><\/section>\n\n<\/li><li data-wp-key=\"post-template-item-1680\" class=\"wp-block-post post-1680 post type-post status-publish format-standard has-post-thumbnail hentry category-analyses tag-gt-culture-spatiale\">\n\n<section class=\"wp-block-cover has-custom-content-position is-position-top-left\" style=\"border-width:1px;min-height:310px;aspect-ratio:unset;\"><span aria-hidden=\"true\" class=\"wp-block-cover__background has-ti-bg-inv-background-color has-background-dim-90 has-background-dim\"><\/span><img loading=\"lazy\" decoding=\"async\" width=\"2560\" height=\"806\" src=\"https:\/\/astres-espace.fr\/wp-content\/uploads\/2025\/05\/icone-formation-spatial-png-scaled.png\" class=\"wp-block-cover__image-background wp-post-image\" alt=\"\" data-object-fit=\"cover\" srcset=\"https:\/\/astres-espace.fr\/wp-content\/uploads\/2025\/05\/icone-formation-spatial-png-scaled.png 2560w, https:\/\/astres-espace.fr\/wp-content\/uploads\/2025\/05\/icone-formation-spatial-png-300x95.png 300w, https:\/\/astres-espace.fr\/wp-content\/uploads\/2025\/05\/icone-formation-spatial-png-1024x323.png 1024w, https:\/\/astres-espace.fr\/wp-content\/uploads\/2025\/05\/icone-formation-spatial-png-768x242.png 768w, https:\/\/astres-espace.fr\/wp-content\/uploads\/2025\/05\/icone-formation-spatial-png-1536x484.png 1536w, https:\/\/astres-espace.fr\/wp-content\/uploads\/2025\/05\/icone-formation-spatial-png-2048x645.png 2048w\" sizes=\"auto, (max-width: 2560px) 100vw, 2560px\" \/><div class=\"wp-block-cover__inner-container is-layout-flow wp-block-cover-is-layout-flow\"><h3 class=\"has-link-color wp-elements-5b89d8e2f1c3ee9f0edc63cf812d4b3a wp-block-post-title\"><a href=\"https:\/\/astres-espace.fr\/index.php\/la-formation-au-secteur-spatial\/\" target=\"_self\" >La formation au secteur spatial<\/a><\/h3>\n\n<div class=\"taxonomy-category wp-block-post-terms has-small-font-size\"><a href=\"https:\/\/astres-espace.fr\/index.php\/category\/analyses\/\" rel=\"tag\">Analyses<\/a><\/div>\n\n<div class=\"wp-block-post-date has-small-font-size\"><time datetime=\"2025-05-02T11:21:05+02:00\">2 Mai 2025<\/time><\/div><\/div><\/section>\n\n<\/li><li data-wp-key=\"post-template-item-1667\" class=\"wp-block-post post-1667 post type-post status-publish format-standard has-post-thumbnail hentry category-evenements\">\n\n<section class=\"wp-block-cover has-custom-content-position is-position-top-left\" style=\"border-width:1px;min-height:310px;aspect-ratio:unset;\"><span aria-hidden=\"true\" class=\"wp-block-cover__background has-ti-bg-inv-background-color has-background-dim-90 has-background-dim\"><\/span><img loading=\"lazy\" decoding=\"async\" width=\"1489\" height=\"298\" src=\"https:\/\/astres-espace.fr\/wp-content\/uploads\/2025\/03\/perspectives-spatiales-Logo-White.png\" class=\"wp-block-cover__image-background wp-post-image\" alt=\"\" data-object-fit=\"cover\" srcset=\"https:\/\/astres-espace.fr\/wp-content\/uploads\/2025\/03\/perspectives-spatiales-Logo-White.png 1489w, https:\/\/astres-espace.fr\/wp-content\/uploads\/2025\/03\/perspectives-spatiales-Logo-White-300x60.png 300w, https:\/\/astres-espace.fr\/wp-content\/uploads\/2025\/03\/perspectives-spatiales-Logo-White-1024x205.png 1024w, https:\/\/astres-espace.fr\/wp-content\/uploads\/2025\/03\/perspectives-spatiales-Logo-White-768x154.png 768w\" sizes=\"auto, (max-width: 1489px) 100vw, 1489px\" \/><div class=\"wp-block-cover__inner-container is-layout-flow wp-block-cover-is-layout-flow\"><h3 class=\"has-link-color wp-elements-5b89d8e2f1c3ee9f0edc63cf812d4b3a wp-block-post-title\"><a href=\"https:\/\/astres-espace.fr\/index.php\/perspectives-spatiales-2025-enjeux-et-orientations-strategiques-pour-leurope-spatiale\/\" target=\"_self\" >Perspectives Spatiales 2025 : enjeux et orientations strat\u00e9giques pour l\u2019Europe spatiale<\/a><\/h3>\n\n<div class=\"taxonomy-category wp-block-post-terms has-small-font-size\"><a href=\"https:\/\/astres-espace.fr\/index.php\/category\/evenements\/\" rel=\"tag\">Evenements<\/a><\/div>\n\n<div class=\"wp-block-post-date has-small-font-size\"><time datetime=\"2025-03-21T11:29:45+01:00\">21 Mar 2025<\/time><\/div><\/div><\/section>\n\n<\/li><\/ul>\n\n<nav class=\"wp-block-query-pagination is-content-justification-center is-layout-flex wp-container-core-query-pagination-is-layout-a89b3969 wp-block-query-pagination-is-layout-flex\" aria-label=\"Pagination\">\n\n\n<div class=\"wp-block-query-pagination-numbers\"><span data-wp-key=\"index-0\" aria-current=\"page\" class=\"page-numbers current\">1<\/span>\n<a data-wp-key=\"index-1\" data-wp-on--click=\"core\/query::actions.navigate\" class=\"page-numbers\" href=\"?query-4-page=2\">2<\/a>\n<a data-wp-key=\"index-2\" data-wp-on--click=\"core\/query::actions.navigate\" class=\"page-numbers\" href=\"?query-4-page=3\">3<\/a>\n<span data-wp-key=\"index-3\" class=\"page-numbers dots\">\u2026<\/span>\n<a data-wp-key=\"index-4\" data-wp-on--click=\"core\/query::actions.navigate\" class=\"page-numbers\" href=\"?query-4-page=7\">7<\/a><\/div>\n\n<a data-wp-key=\"query-pagination-next\" data-wp-on--click=\"core\/query::actions.navigate\" data-wp-on--mouseenter=\"core\/query::actions.prefetch\" data-wp-watch=\"core\/query::callbacks.prefetch\" href=\"\/index.php\/wp-json\/wp\/v2\/pages\/2447?query-4-page=2\" class=\"wp-block-query-pagination-next\" aria-label=\"Page suivante\"><span class='wp-block-query-pagination-next-arrow is-arrow-chevron' aria-hidden='true'>\u00bb<\/span><\/a>\n<\/nav>\n\n\n<div style=\"height:51px\" aria-hidden=\"true\" class=\"wp-block-spacer\"><\/div>\n<\/div>\n\n\n<p class=\"wp-block-tag-cloud\"><a href=\"https:\/\/astres-espace.fr\/index.php\/tag\/gt-culture-spatiale\/\" class=\"tag-cloud-link tag-link-68 tag-link-position-1\" style=\"font-size: 10.413793103448pt;\" aria-label=\"GT Culture spatiale (4 \u00e9l\u00e9ments)\">GT Culture spatiale<\/a>\n<a href=\"https:\/\/astres-espace.fr\/index.php\/tag\/gt-developpement-durable\/\" class=\"tag-cloud-link tag-link-26 tag-link-position-2\" style=\"font-size: 10.413793103448pt;\" aria-label=\"GT D\u00e9veloppement durable (4 \u00e9l\u00e9ments)\">GT D\u00e9veloppement durable<\/a>\n<a href=\"https:\/\/astres-espace.fr\/index.php\/tag\/gt-energie-espace\/\" class=\"tag-cloud-link tag-link-19 tag-link-position-3\" style=\"font-size: 18.620689655172pt;\" aria-label=\"GT Energie &amp; Espace (10 \u00e9l\u00e9ments)\">GT Energie &amp; Espace<\/a>\n<a href=\"https:\/\/astres-espace.fr\/index.php\/tag\/gt-exploration-spatiale\/\" class=\"tag-cloud-link tag-link-24 tag-link-position-4\" style=\"font-size: 16.448275862069pt;\" aria-label=\"GT Exploration Spatiale (8 \u00e9l\u00e9ments)\">GT Exploration Spatiale<\/a>\n<a href=\"https:\/\/astres-espace.fr\/index.php\/tag\/gt-financement\/\" class=\"tag-cloud-link tag-link-22 tag-link-position-5\" style=\"font-size: 12.344827586207pt;\" aria-label=\"GT Financement (5 \u00e9l\u00e9ments)\">GT Financement<\/a>\n<a href=\"https:\/\/astres-espace.fr\/index.php\/tag\/gt-gouvernance\/\" class=\"tag-cloud-link tag-link-34 tag-link-position-6\" style=\"font-size: 22pt;\" aria-label=\"GT Gouvernance (14 \u00e9l\u00e9ments)\">GT Gouvernance<\/a>\n<a href=\"https:\/\/astres-espace.fr\/index.php\/tag\/gt-international\/\" class=\"tag-cloud-link tag-link-36 tag-link-position-7\" style=\"font-size: 8pt;\" aria-label=\"GT International (3 \u00e9l\u00e9ments)\">GT International<\/a>\n<a href=\"https:\/\/astres-espace.fr\/index.php\/tag\/gt-lanceurs-transport-spatial\/\" class=\"tag-cloud-link tag-link-25 tag-link-position-8\" style=\"font-size: 10.413793103448pt;\" aria-label=\"GT Lanceurs &amp; Transport spatial (4 \u00e9l\u00e9ments)\">GT Lanceurs &amp; Transport spatial<\/a>\n<a href=\"https:\/\/astres-espace.fr\/index.php\/tag\/gt-securite-defense\/\" class=\"tag-cloud-link tag-link-27 tag-link-position-9\" style=\"font-size: 15.241379310345pt;\" aria-label=\"GT S\u00e9curit\u00e9 &amp; D\u00e9fense (7 \u00e9l\u00e9ments)\">GT S\u00e9curit\u00e9 &amp; D\u00e9fense<\/a><\/p><\/div>\n","protected":false},"excerpt":{"rendered":"<p>Actualit\u00e9s &amp; publications Retrouvez ici l&#8217;ensemble des publications ASTRES depuis sa cr\u00e9ation. Pour suivre nos derni\u00e8res actualit\u00e9s, rendez-vous sur nos r\u00e9seaux sociaux.<\/p>\n","protected":false},"author":1,"featured_media":0,"parent":0,"menu_order":0,"comment_status":"closed","ping_status":"closed","template":"blank","meta":{"footnotes":""},"class_list":["post-2447","page","type-page","status-publish","hentry"],"_links":{"self":[{"href":"https:\/\/astres-espace.fr\/index.php\/wp-json\/wp\/v2\/pages\/2447","targetHints":{"allow":["GET"]}}],"collection":[{"href":"https:\/\/astres-espace.fr\/index.php\/wp-json\/wp\/v2\/pages"}],"about":[{"href":"https:\/\/astres-espace.fr\/index.php\/wp-json\/wp\/v2\/types\/page"}],"author":[{"embeddable":true,"href":"https:\/\/astres-espace.fr\/index.php\/wp-json\/wp\/v2\/users\/1"}],"replies":[{"embeddable":true,"href":"https:\/\/astres-espace.fr\/index.php\/wp-json\/wp\/v2\/comments?post=2447"}],"version-history":[{"count":8,"href":"https:\/\/astres-espace.fr\/index.php\/wp-json\/wp\/v2\/pages\/2447\/revisions"}],"predecessor-version":[{"id":2502,"href":"https:\/\/astres-espace.fr\/index.php\/wp-json\/wp\/v2\/pages\/2447\/revisions\/2502"}],"wp:attachment":[{"href":"https:\/\/astres-espace.fr\/index.php\/wp-json\/wp\/v2\/media?parent=2447"}],"curies":[{"name":"wp","href":"https:\/\/api.w.org\/{rel}","templated":true}]}}